{"id":369,"date":"2026-09-02T16:07:22","date_gmt":"2026-09-02T14:07:22","guid":{"rendered":"https:\/\/conako27.successfactor.dev\/?page_id=369"},"modified":"2026-09-03T14:27:30","modified_gmt":"2026-09-03T12:27:30","slug":"mete-turistiche","status":"publish","type":"page","link":"https:\/\/conako27.successfactor.dev\/it\/ausflugsziele\/","title":{"rendered":"Mete turistiche"},"content":{"rendered":"<div data-elementor-type=\"wp-page\" data-elementor-id=\"369\" class=\"elementor elementor-369\" data-elementor-post-type=\"page\">\n\t\t\t\t<div class=\"elementor-element elementor-element-1c34445b e-flex e-con-boxed e-con e-parent\" data-id=\"1c34445b\" data-element_type=\"container\" data-e-type=\"container\">\n\t\t\t\t\t<div class=\"e-con-inner\">\n\t\t\t\t<div class=\"elementor-element elementor-element-e39babe elementor-widget elementor-widget-html\" data-id=\"e39babe\" data-element_type=\"widget\" data-e-type=\"widget\" data-widget_type=\"html.default\">\n\t\t\t\t\t\n<!-- ============ SEITENKOPF ============\n     Vorlage siehe seitenkopf.html. Pro Seite anzupassen:\n     Bild in --img, Brotkruemel, Titel und Lead. -->\n<section class=\"ck ck-ph\" style=\"--img:url('https:\/\/conako27.successfactor.dev\/wp-content\/uploads\/schwarzsee.jpg')\">\n  <div class=\"ck-ph__in\">\n    <p class=\"ck-ph__crumb\"><a href=\"\/it\/\">Home<\/a><span>\/<\/span>Mete turistiche<\/p>\n    <h1 class=\"ck-ph__title\">Mete turistiche<\/h1>\n    <p class=\"ck-ph__lead\">24 idee per il periodo prima, durante o dopo il congresso, suddivise per regione.<\/p>\n  <\/div>\n<\/section>\n\n<!--\n  CONAKO27 Seite \"Fribourg entdecken\"\n  Einsetzen als Elementor HTML-Widget, Container auf volle Breite.\n\n  Aufbau:\n  - Kopf mit Auszeichnungszeile, Headline und Lead\n  - Filterleiste nach Region, rein clientseitig, ohne Nachladen\n  - Raster mit 26 Zielen, jedes verlinkt auf die deutschsprachige Seite von fribourg.ch\n\n  Anpassen:\n  - Bilder sind auf Seitenverhaeltnis 3:2 zugeschnitten (object-fit: cover).\n    Die Quellen liegen in 16:9, 3:2 und 4:3 vor, der Zuschnitt gleicht das aus.\n  - Fehlendes Bild ergaenzen: das <div class=\"ck-img\">\u2026<\/div> durch\n    <img src=\"\u2026\" alt=\"\u2026\" loading=\"lazy\" decoding=\"async\"> ersetzen\n  - Neues Ziel: eine <article> kopieren und data-region setzen\n    (stadt | sense | gruyere | murten | weitere)\n  - Seitenabstaende ueber --pad, Inhaltsbreite ueber --max\n-->\n\n<!-- Die Formatierung steht im zentralen Stylesheet conako27.css.\n     Einsetzen unter Design, Customizer, Zusaetzliches CSS.\n     Ohne dieses Stylesheet erscheint der Block unformatiert. -->\n\n<div class=\"ck ck-disc\" data-bleed=\"on\">\n  <section class=\"ck-sec\">\n    <div class=\"ck-wrap\">\n\n      <div class=\"ck-head\">\n        <p class=\"ck-eyebrow\">Regione ospitante<\/p>\n        <h2 class=\"ck-h\">Resta qualche giorno <span class=\"acc\">pi\u00f9 a lungo<\/span><\/h2>\n        <p class=\"ck-lead\">Il Cantone di Friburgo sfugge a ogni stereotipo. Centro storico medievale e ponte a funi, Prealpi e laghi, tedesco e francese. Queste destinazioni meritano una visita prima, durante o dopo il CONAKO27.<\/p>\n      <\/div>\n\n      <ul class=\"ck-filter\" role=\"group\" aria-label=\"Filtra per regione\">\n        <li><button type=\"button\" data-f=\"alle\" aria-pressed=\"true\">Tutti<\/button><\/li>\n        <li><button type=\"button\" data-f=\"stadt\" aria-pressed=\"false\">Citt\u00e0 di Friburgo<\/button><\/li>\n        <li><button type=\"button\" data-f=\"sense\" aria-pressed=\"false\">Distretto di Sense<\/button><\/li>\n        <li><button type=\"button\" data-f=\"gruyere\" aria-pressed=\"false\">La Gruy\u00e8re<\/button><\/li>\n        <li><button type=\"button\" data-f=\"murten\" aria-pressed=\"false\">Regione del Lago di Murten<\/button><\/li>\n      <\/ul>\n      <p class=\"ck-count\" id=\"ck-count\" aria-live=\"polite\"><\/p>\n\n      <ul class=\"ck-grid\" id=\"ck-grid\">\n\n        <!-- ============ STADT FREIBURG ============ -->\n        <li class=\"ck-item\" id=\"ziel-altstadt-von-freiburg\" data-region=\"stadt\">\n          <a class=\"ck-card\" href=\"https:\/\/fribourg.ch\/de\/freiburg\/entdecken-sie-freiburg-und-lassen-sie-sich-von-der-geschichte-mitreissen\" target=\"_blank\" rel=\"noopener\">\n            <figure><img src=\"https:\/\/conako27.successfactor.dev\/wp-content\/uploads\/altstadt.jpg\" alt=\"Centro storico di Friburgo\" loading=\"lazy\" decoding=\"async\"><\/figure>\n            <div class=\"ck-body\">\n              <span class=\"ck-region\">Citt\u00e0 di Friburgo<\/span>\n              <h3>Centro storico di Friburgo<\/h3>\n              <p>Uno dei centri storici medievali meglio conservati d\u2019Europa, incastonato in un\u2019ansa della Saane.<\/p>\n              <span class=\"ck-more\">Scopri di pi\u00f9 <svg viewbox=\"0 0 24 24\" fill=\"none\" stroke=\"currentColor\" stroke-width=\"2\" stroke-linecap=\"round\" stroke-linejoin=\"round\" aria-hidden=\"true\"><path d=\"M5 12h13M13 6l6 6-6 6\"\/><\/svg><\/span>\n            <\/div>\n          <\/a>\n        <\/li>\n\n        <li class=\"ck-item\" id=\"ziel-kathedrale-st-nikolaus\" data-region=\"stadt\">\n          <a class=\"ck-card\" href=\"https:\/\/fribourg.ch\/de\/freiburg\/gruppen\/st-nikolaus-kathedrale\" target=\"_blank\" rel=\"noopener\">\n            <figure><img src=\"https:\/\/conako27.successfactor.dev\/wp-content\/uploads\/cathedrale1.jpg\" alt=\"Cattedrale di San Nicola\" loading=\"lazy\" decoding=\"async\"><\/figure>\n            <div class=\"ck-body\">\n              <span class=\"ck-region\">Citt\u00e0 di Friburgo<\/span>\n              <h3>Cattedrale di San Nicola<\/h3>\n              <p>Il simbolo della citt\u00e0. Chi sale i 368 gradini della torre viene ricompensato con la migliore vista panoramica.<\/p>\n              <span class=\"ck-more\">Scopri di pi\u00f9 <svg viewbox=\"0 0 24 24\" fill=\"none\" stroke=\"currentColor\" stroke-width=\"2\" stroke-linecap=\"round\" stroke-linejoin=\"round\" aria-hidden=\"true\"><path d=\"M5 12h13M13 6l6 6-6 6\"\/><\/svg><\/span>\n            <\/div>\n          <\/a>\n        <\/li>\n\n        <li class=\"ck-item\" id=\"ziel-poyabrucke\" data-region=\"stadt\">\n          <a class=\"ck-card\" href=\"https:\/\/fribourg.ch\/de\/freiburg\/architektur-und-denkmaeler\/poyabrucke\/\" target=\"_blank\" rel=\"noopener\">\n            <figure><img src=\"https:\/\/conako27.successfactor.dev\/wp-content\/uploads\/poya.jpg\" alt=\"Ponte Poya\" loading=\"lazy\" decoding=\"async\"><\/figure>\n            <div class=\"ck-body\">\n              <span class=\"ck-region\">Citt\u00e0 di Friburgo<\/span>\n              <h3>Ponte Poya<\/h3>\n              <p>Il ponte a cavi obliqui del 2014. \u00c8 raffigurato nel logo di CONAKO27 ed \u00e8 la controparte moderna del centro storico.<\/p>\n              <span class=\"ck-more\">Scopri di pi\u00f9 <svg viewbox=\"0 0 24 24\" fill=\"none\" stroke=\"currentColor\" stroke-width=\"2\" stroke-linecap=\"round\" stroke-linejoin=\"round\" aria-hidden=\"true\"><path d=\"M5 12h13M13 6l6 6-6 6\"\/><\/svg><\/span>\n            <\/div>\n          <\/a>\n        <\/li>\n\n        <li class=\"ck-item\" id=\"ziel-stadtmauern-und-turme\" data-region=\"stadt\">\n          <a class=\"ck-card\" href=\"https:\/\/fribourg.ch\/de\/freiburg\/stadtmauer-rundgang\" target=\"_blank\" rel=\"noopener\">\n            <figure><img src=\"https:\/\/conako27.successfactor.dev\/wp-content\/uploads\/stadtmauern.jpg\" alt=\"Mura cittadine e torri\" loading=\"lazy\" decoding=\"async\"><\/figure>\n            <div class=\"ck-body\">\n              <span class=\"ck-region\">Citt\u00e0 di Friburgo<\/span>\n              <h3>Mura cittadine e torri<\/h3>\n              <p>Un cammino di ronda percorribile e una serie di torri conservate circondano l\u2019antica citt\u00e0.<\/p>\n              <span class=\"ck-more\">Scopri di pi\u00f9 <svg viewbox=\"0 0 24 24\" fill=\"none\" stroke=\"currentColor\" stroke-width=\"2\" stroke-linecap=\"round\" stroke-linejoin=\"round\" aria-hidden=\"true\"><path d=\"M5 12h13M13 6l6 6-6 6\"\/><\/svg><\/span>\n            <\/div>\n          <\/a>\n        <\/li>\n\n                <li class=\"ck-item\" id=\"ziel-treppen-und-versteckte-gassen\" data-region=\"stadt\">\n          <a class=\"ck-card\" href=\"https:\/\/fribourg.ch\/de\/freiburg\/gruppen\/treppen-in-freiburg\/\" target=\"_blank\" rel=\"noopener\">\n            <figure><img src=\"https:\/\/conako27.successfactor.dev\/wp-content\/uploads\/treppen.jpg\" alt=\"Scale e vicoli nascosti\" loading=\"lazy\" decoding=\"async\"><\/figure>\n            <div class=\"ck-body\">\n              <span class=\"ck-region\">Citt\u00e0 di Friburgo<\/span>\n              <h3>Scale e vicoli nascosti<\/h3>\n              <p>La citt\u00e0 si estende su pi\u00f9 livelli. Chi si allontana dalle vie principali scopre vicoli che quasi nessuno conosce.<\/p>\n              <span class=\"ck-more\">Scopri di pi\u00f9 <svg viewbox=\"0 0 24 24\" fill=\"none\" stroke=\"currentColor\" stroke-width=\"2\" stroke-linecap=\"round\" stroke-linejoin=\"round\" aria-hidden=\"true\"><path d=\"M5 12h13M13 6l6 6-6 6\"\/><\/svg><\/span>\n            <\/div>\n          <\/a>\n        <\/li>\n\n        <li class=\"ck-item\" id=\"ziel-espace-jean-tinguely-niki-de-saint-phalle\" data-region=\"stadt\">\n          <a class=\"ck-card\" href=\"https:\/\/fribourg.ch\/de\/freiburg\/museen\/espace-jean-tinguely-niki-de-saint-phalle\/\" target=\"_blank\" rel=\"noopener\">\n            <figure><img src=\"https:\/\/conako27.successfactor.dev\/wp-content\/uploads\/jeantingely.jpg\" alt=\"Espace Jean Tinguely, Niki de Saint Phalle\" loading=\"lazy\" decoding=\"async\"><\/figure>\n            <div class=\"ck-body\">\n              <span class=\"ck-region\">Citt\u00e0 di Friburgo<\/span>\n              <h3>Espace Jean Tinguely, Niki de Saint Phalle<\/h3>\n              <p>Tinguely era originario di Friburgo. L\u2019ex deposito dei tram ospita le sue macchine e le opere di Niki de Saint Phalle.<\/p>\n              <span class=\"ck-more\">Scopri di pi\u00f9 <svg viewbox=\"0 0 24 24\" fill=\"none\" stroke=\"currentColor\" stroke-width=\"2\" stroke-linecap=\"round\" stroke-linejoin=\"round\" aria-hidden=\"true\"><path d=\"M5 12h13M13 6l6 6-6 6\"\/><\/svg><\/span>\n            <\/div>\n          <\/a>\n        <\/li>\n\n        <li class=\"ck-item\" id=\"ziel-museum-fur-kunst-und-geschichte\" data-region=\"stadt\">\n          <a class=\"ck-card\" href=\"https:\/\/fribourg.ch\/de\/freiburg\/museen\/museum-fur-kunst-und-geschichte\/\" target=\"_blank\" rel=\"noopener\">\n            <figure><img src=\"https:\/\/conako27.successfactor.dev\/wp-content\/uploads\/museum.jpg\" alt=\"Museo di Arte e Storia\" loading=\"lazy\" decoding=\"async\"><\/figure>\n            <div class=\"ck-body\">\n              <span class=\"ck-region\">Citt\u00e0 di Friburgo<\/span>\n              <h3>Museo di Arte e Storia<\/h3>\n              <p>Scultura sacra, pittura e storia della citt\u00e0 in una dimora patrizia con annesso macello.<\/p>\n              <span class=\"ck-more\">Scopri di pi\u00f9 <svg viewbox=\"0 0 24 24\" fill=\"none\" stroke=\"currentColor\" stroke-width=\"2\" stroke-linecap=\"round\" stroke-linejoin=\"round\" aria-hidden=\"true\"><path d=\"M5 12h13M13 6l6 6-6 6\"\/><\/svg><\/span>\n            <\/div>\n          <\/a>\n        <\/li>\n\n        <li class=\"ck-item\" id=\"ziel-fondue-moitie-moitie\" data-region=\"stadt\">\n          <a class=\"ck-card\" href=\"https:\/\/fribourg.ch\/de\/freiburg\/die-fondue\" target=\"_blank\" rel=\"noopener\">\n            <figure><img src=\"https:\/\/conako27.successfactor.dev\/wp-content\/uploads\/fondue.jpg\" alt=\"Fonduta \u201cmoiti\u00e9-moiti\u00e9\u201d\" loading=\"lazy\" decoding=\"async\"><\/figure>\n            <div class=\"ck-body\">\n              <span class=\"ck-region\">Citt\u00e0 di Friburgo<\/span>\n              <h3>Fonduta \u201cmoiti\u00e9-moiti\u00e9\u201d<\/h3>\n              <p>Met\u00e0 Gruy\u00e8re, met\u00e0 Vacherin Fribourgeois. Il protagonista del nostro slogan e una cena di classe.<\/p>\n              <span class=\"ck-more\">Scopri di pi\u00f9 <svg viewbox=\"0 0 24 24\" fill=\"none\" stroke=\"currentColor\" stroke-width=\"2\" stroke-linecap=\"round\" stroke-linejoin=\"round\" aria-hidden=\"true\"><path d=\"M5 12h13M13 6l6 6-6 6\"\/><\/svg><\/span>\n            <\/div>\n          <\/a>\n        <\/li>\n\n                <!-- ============ SENSEBEZIRK ============ -->\n        <li class=\"ck-item\" id=\"ziel-schwarzsee\" data-region=\"sense\">\n          <a class=\"ck-card\" href=\"https:\/\/fribourg.ch\/de\/schwarzsee\/schwarzsee\/\" target=\"_blank\" rel=\"noopener\">\n            <figure><img src=\"https:\/\/conako27.successfactor.dev\/wp-content\/uploads\/schwarzsee.jpg\" alt=\"Lago Nero\" loading=\"lazy\" decoding=\"async\"><\/figure>\n            <div class=\"ck-body\">\n              <span class=\"ck-region\">Distretto di Sense<\/span>\n              <h3>Lago Nero<\/h3>\n              <p>Un lago di palude a circa mille metri di altitudine, circondato dalle Prealpi friburghesi. Percorso ad anello di circa un\u2019ora.<\/p>\n              <span class=\"ck-more\">Scopri di pi\u00f9 <svg viewbox=\"0 0 24 24\" fill=\"none\" stroke=\"currentColor\" stroke-width=\"2\" stroke-linecap=\"round\" stroke-linejoin=\"round\" aria-hidden=\"true\"><path d=\"M5 12h13M13 6l6 6-6 6\"\/><\/svg><\/span>\n            <\/div>\n          <\/a>\n        <\/li>\n\n        <li class=\"ck-item\" id=\"ziel-das-senseland\" data-region=\"sense\">\n          <a class=\"ck-card\" href=\"https:\/\/fribourg.ch\/de\/schwarzsee\/senseland\/\" target=\"_blank\" rel=\"noopener\">\n            <figure><img src=\"https:\/\/conako27.successfactor.dev\/wp-content\/uploads\/senseland.webp\" alt=\"Il Paese dei Sensi\" loading=\"lazy\" decoding=\"async\"><\/figure>\n            <div class=\"ck-body\">\n              <span class=\"ck-region\">Distretto di Sense<\/span>\n              <h3>Il Paese dei Sensi<\/h3>\n              <p>La parte di lingua tedesca del cantone. Un territorio collinare, fattorie e un dialetto che vale la pena ascoltare almeno una volta.<\/p>\n              <span class=\"ck-more\">Scopri di pi\u00f9 <svg viewbox=\"0 0 24 24\" fill=\"none\" stroke=\"currentColor\" stroke-width=\"2\" stroke-linecap=\"round\" stroke-linejoin=\"round\" aria-hidden=\"true\"><path d=\"M5 12h13M13 6l6 6-6 6\"\/><\/svg><\/span>\n            <\/div>\n          <\/a>\n        <\/li>\n\n        <li class=\"ck-item\" id=\"ziel-magdalena-einsiedelei\" data-region=\"sense\">\n          <a class=\"ck-card\" href=\"https:\/\/fribourg.ch\/de\/schwarzsee\/museen\/magdalena-einsiedelei\/\" target=\"_blank\" rel=\"noopener\">\n            <figure><img src=\"https:\/\/conako27.successfactor.dev\/wp-content\/uploads\/magdalena.jpg\" alt=\"Eremo di Magdalena\" loading=\"lazy\" decoding=\"async\"><\/figure>\n            <div class=\"ck-body\">\n              <span class=\"ck-region\">Distretto di Sense<\/span>\n              <h3>Eremo di Magdalena<\/h3>\n              <p>A R\u00e4sch, nei pressi di D\u00fcdingen. Un eremo completo di cappella, scavato a mano nella pietra arenaria a ridosso del fiume Saane.<\/p>\n              <span class=\"ck-more\">Scopri di pi\u00f9 <svg viewbox=\"0 0 24 24\" fill=\"none\" stroke=\"currentColor\" stroke-width=\"2\" stroke-linecap=\"round\" stroke-linejoin=\"round\" aria-hidden=\"true\"><path d=\"M5 12h13M13 6l6 6-6 6\"\/><\/svg><\/span>\n            <\/div>\n          <\/a>\n        <\/li>\n\n        <li class=\"ck-item\" id=\"ziel-sensler-museum-tafers\" data-region=\"sense\">\n          <a class=\"ck-card\" href=\"https:\/\/fribourg.ch\/de\/schwarzsee\/museen\/sensler-museum\/\" target=\"_blank\" rel=\"noopener\">\n            <figure><img src=\"https:\/\/conako27.successfactor.dev\/wp-content\/uploads\/senslermuseum.jpg\" alt=\"Museo della Val di Sensler, Tafers\" loading=\"lazy\" decoding=\"async\"><\/figure>\n            <div class=\"ck-body\">\n              <span class=\"ck-region\">Distretto di Sense<\/span>\n              <h3>Museo della Val di Sensler, Tafers<\/h3>\n              <p>Museo regionale ospitato in una dimora signorile del XVI secolo. Vita quotidiana, artigianato e lingua del distretto della Sense.<\/p>\n              <span class=\"ck-more\">Scopri di pi\u00f9 <svg viewbox=\"0 0 24 24\" fill=\"none\" stroke=\"currentColor\" stroke-width=\"2\" stroke-linecap=\"round\" stroke-linejoin=\"round\" aria-hidden=\"true\"><path d=\"M5 12h13M13 6l6 6-6 6\"\/><\/svg><\/span>\n            <\/div>\n          <\/a>\n        <\/li>\n\n        <li class=\"ck-item\" id=\"ziel-schiffenensee\" data-region=\"sense\">\n          <a class=\"ck-card\" href=\"https:\/\/fribourg.ch\/de\/schwarzsee\/natur\/der-schiffenensee\/\" target=\"_blank\" rel=\"noopener\">\n            <figure><img src=\"https:\/\/conako27.successfactor.dev\/wp-content\/uploads\/schiffenensee.jpg\" alt=\"Lago di Schiffenensee\" loading=\"lazy\" decoding=\"async\"><\/figure>\n            <div class=\"ck-body\">\n              <span class=\"ck-region\">Distretto di Sense<\/span>\n              <h3>Lago di Schiffenensee<\/h3>\n              <p>Il lago artificiale della Saane, a dieci minuti dalla sede del congresso. Sentieri lungo le rive, zone balneari e un percorso circolare da percorrere quando si ha un po\u2019 di tempo libero.<\/p>\n              <span class=\"ck-more\">Scopri di pi\u00f9 <svg viewbox=\"0 0 24 24\" fill=\"none\" stroke=\"currentColor\" stroke-width=\"2\" stroke-linecap=\"round\" stroke-linejoin=\"round\" aria-hidden=\"true\"><path d=\"M5 12h13M13 6l6 6-6 6\"\/><\/svg><\/span>\n            <\/div>\n          <\/a>\n        <\/li>\n\n        <li class=\"ck-item\" id=\"ziel-kaisereggbahnen-schwarzsee\" data-region=\"sense\">\n          <a class=\"ck-card\" href=\"https:\/\/fribourg.ch\/de\/schwarzsee\/bergbahnen\/kaisereggbahnen-schwarzsee-ag\/\" target=\"_blank\" rel=\"noopener\">\n            <figure><img src=\"https:\/\/conako27.successfactor.dev\/wp-content\/uploads\/kaiseregg.jpg\" alt=\"Funivie Kaiseregg, Schwarzsee\" loading=\"lazy\" decoding=\"async\"><\/figure>\n            <div class=\"ck-body\">\n              <span class=\"ck-region\">Distretto di Sense<\/span>\n              <h3>Funivie Kaiseregg, Schwarzsee<\/h3>\n              <p>Il treno porta alla Riggisalp. Da l\u00ec il sentiero prosegue verso il Kaiseregg, con vista che spazia fino alle Alpi.<\/p>\n              <span class=\"ck-more\">Scopri di pi\u00f9 <svg viewbox=\"0 0 24 24\" fill=\"none\" stroke=\"currentColor\" stroke-width=\"2\" stroke-linecap=\"round\" stroke-linejoin=\"round\" aria-hidden=\"true\"><path d=\"M5 12h13M13 6l6 6-6 6\"\/><\/svg><\/span>\n            <\/div>\n          <\/a>\n        <\/li>\n\n        <li class=\"ck-item\" id=\"ziel-uber-den-schwyberg\" data-region=\"sense\">\n          <a class=\"ck-card\" href=\"https:\/\/fribourg.ch\/de\/schwarzsee\/wanderungen\/auf-dem-ruecken-des-schwyberg\/\" target=\"_blank\" rel=\"noopener\">\n            <figure><img src=\"https:\/\/conako27.successfactor.dev\/wp-content\/uploads\/schwyberg.jpg\" alt=\"Attraverso lo Schwyberg\" loading=\"lazy\" decoding=\"async\"><\/figure>\n            <div class=\"ck-body\">\n              <span class=\"ck-region\">Distretto di Sense<\/span>\n              <h3>Attraverso lo Schwyberg<\/h3>\n              <p>Un percorso in bilico tra due mondi, con ampia vista sul Senseland da un lato e sulle Prealpi dall\u2019altro.<\/p>\n              <span class=\"ck-more\">Scopri di pi\u00f9 <svg viewbox=\"0 0 24 24\" fill=\"none\" stroke=\"currentColor\" stroke-width=\"2\" stroke-linecap=\"round\" stroke-linejoin=\"round\" aria-hidden=\"true\"><path d=\"M5 12h13M13 6l6 6-6 6\"\/><\/svg><\/span>\n            <\/div>\n          <\/a>\n        <\/li>\n\n                                <!-- ============ LA GRUY\u00c8RE ============ -->\n        <li class=\"ck-item\" id=\"ziel-gruyeres-stadtchen-und-schloss\" data-region=\"gruyere\">\n          <a class=\"ck-card\" href=\"https:\/\/fribourg.ch\/de\/la-gruyere\/gruppen\/sehenswuerdigkeiten-in-gruyeres\/\" target=\"_blank\" rel=\"noopener\">\n            <figure><img src=\"https:\/\/conako27.successfactor.dev\/wp-content\/uploads\/schlossgreyerz.jpg\" alt=\"Gruy\u00e8res, cittadina e castello\" loading=\"lazy\" decoding=\"async\"><\/figure>\n            <div class=\"ck-body\">\n              <span class=\"ck-region\">La Gruy\u00e8re<\/span>\n              <h3>Gruy\u00e8res, cittadina e castello<\/h3>\n              <p>Piccola cittadina senza auto situata su una collina, con il castello che la sovrasta. Una delle mete pi\u00f9 visitate della regione.<\/p>\n              <span class=\"ck-more\">Scopri di pi\u00f9 <svg viewbox=\"0 0 24 24\" fill=\"none\" stroke=\"currentColor\" stroke-width=\"2\" stroke-linecap=\"round\" stroke-linejoin=\"round\" aria-hidden=\"true\"><path d=\"M5 12h13M13 6l6 6-6 6\"\/><\/svg><\/span>\n            <\/div>\n          <\/a>\n        <\/li>\n\n        <li class=\"ck-item\" id=\"ziel-la-maison-du-gruyere\" data-region=\"gruyere\">\n          <a class=\"ck-card\" href=\"https:\/\/fribourg.ch\/de\/la-gruyere\/museen\/la-maison-du-gruyere-schaukaeserei\/\" target=\"_blank\" rel=\"noopener\">\n            <figure><img src=\"https:\/\/conako27.successfactor.dev\/wp-content\/uploads\/maisongruyere.jpg\" alt=\"La Maison du Gruy\u00e8re\" loading=\"lazy\" decoding=\"async\"><\/figure>\n            <div class=\"ck-body\">\n              <span class=\"ck-region\">La Gruy\u00e8re<\/span>\n              <h3>La Maison du Gruy\u00e8re<\/h3>\n              <p>Caseificio dimostrativo a Pringy. La produzione avviene pi\u00f9 volte al giorno e la cantina \u00e8 aperta al pubblico.<\/p>\n              <span class=\"ck-more\">Scopri di pi\u00f9 <svg viewbox=\"0 0 24 24\" fill=\"none\" stroke=\"currentColor\" stroke-width=\"2\" stroke-linecap=\"round\" stroke-linejoin=\"round\" aria-hidden=\"true\"><path d=\"M5 12h13M13 6l6 6-6 6\"\/><\/svg><\/span>\n            <\/div>\n          <\/a>\n        <\/li>\n\n        <li class=\"ck-item\" id=\"ziel-maison-cailler-broc\" data-region=\"gruyere\">\n          <a class=\"ck-card\" href=\"https:\/\/fribourg.ch\/de\/la-gruyere\/museen\/maison-cailler-schweizer-schokoladenfabrik\/\" target=\"_blank\" rel=\"noopener\">\n            <figure><img src=\"https:\/\/conako27.successfactor.dev\/wp-content\/uploads\/cailler.jpg\" alt=\"Maison Cailler, Broc\" loading=\"lazy\" decoding=\"async\"><\/figure>\n            <div class=\"ck-body\">\n              <span class=\"ck-region\">La Gruy\u00e8re<\/span>\n              <h3>Maison Cailler, Broc<\/h3>\n              <p>La fabbrica di cioccolato con visita guidata, laboratorio e degustazione. Si pu\u00f2 facilmente abbinare a una visita a Gruy\u00e8res nella stessa giornata.<\/p>\n              <span class=\"ck-more\">Scopri di pi\u00f9 <svg viewbox=\"0 0 24 24\" fill=\"none\" stroke=\"currentColor\" stroke-width=\"2\" stroke-linecap=\"round\" stroke-linejoin=\"round\" aria-hidden=\"true\"><path d=\"M5 12h13M13 6l6 6-6 6\"\/><\/svg><\/span>\n            <\/div>\n          <\/a>\n        <\/li>\n\n        <li class=\"ck-item\" id=\"ziel-moleson-sur-gruyeres\" data-region=\"gruyere\">\n          <a class=\"ck-card\" href=\"https:\/\/fribourg.ch\/de\/la-gruyere\/bergbahnen\/bergbahnen-moleson\/\" target=\"_blank\" rel=\"noopener\">\n            <figure><img src=\"https:\/\/conako27.successfactor.dev\/wp-content\/uploads\/moleson.jpg\" alt=\"Mol\u00e9son-sur-Gruy\u00e8res\" loading=\"lazy\" decoding=\"async\"><\/figure>\n            <div class=\"ck-body\">\n              <span class=\"ck-region\">La Gruy\u00e8re<\/span>\n              <h3>Mol\u00e9son-sur-Gruy\u00e8res<\/h3>\n              <p>La montagna di casa degli abitanti di Friburgo. La funicolare e la funivia raggiungono i duemila metri circa.<\/p>\n              <span class=\"ck-more\">Scopri di pi\u00f9 <svg viewbox=\"0 0 24 24\" fill=\"none\" stroke=\"currentColor\" stroke-width=\"2\" stroke-linecap=\"round\" stroke-linejoin=\"round\" aria-hidden=\"true\"><path d=\"M5 12h13M13 6l6 6-6 6\"\/><\/svg><\/span>\n            <\/div>\n          <\/a>\n        <\/li>\n\n        <li class=\"ck-item\" id=\"ziel-bains-de-la-gruyere-charmey\" data-region=\"gruyere\">\n          <a class=\"ck-card\" href=\"https:\/\/fribourg.ch\/de\/la-gruyere\/thermalbaeder\/bains-de-la-gruyere\/\" target=\"_blank\" rel=\"noopener\">\n            <figure><img src=\"https:\/\/conako27.successfactor.dev\/wp-content\/uploads\/baingruyere.jpg\" alt=\"Bains de la Gruy\u00e8re, Charmey\" loading=\"lazy\" decoding=\"async\"><\/figure>\n            <div class=\"ck-body\">\n              <span class=\"ck-region\">La Gruy\u00e8re<\/span>\n              <h3>Bains de la Gruy\u00e8re, Charmey<\/h3>\n              <p>Terme con piscina all\u2019aperto ai piedi delle Prealpi. Il posto giusto per il giorno dopo la serata di gala.<\/p>\n              <span class=\"ck-more\">Scopri di pi\u00f9 <svg viewbox=\"0 0 24 24\" fill=\"none\" stroke=\"currentColor\" stroke-width=\"2\" stroke-linecap=\"round\" stroke-linejoin=\"round\" aria-hidden=\"true\"><path d=\"M5 12h13M13 6l6 6-6 6\"\/><\/svg><\/span>\n            <\/div>\n          <\/a>\n        <\/li>\n\n        <li class=\"ck-item\" id=\"ziel-bergbahnen-charmey\" data-region=\"gruyere\">\n          <a class=\"ck-card\" href=\"https:\/\/fribourg.ch\/de\/la-gruyere\/bergbahnen\/bergbahnen-in-charmey\/\" target=\"_blank\" rel=\"noopener\">\n            <figure><img src=\"https:\/\/conako27.successfactor.dev\/wp-content\/uploads\/charmey.jpg\" alt=\"Impianti di risalita di Charmey\" loading=\"lazy\" decoding=\"async\"><\/figure>\n            <div class=\"ck-body\">\n              <span class=\"ck-region\">La Gruy\u00e8re<\/span>\n              <h3>Impianti di risalita di Charmey<\/h3>\n              <p>Da Charmey si accede a sentieri escursionistici e punti panoramici che si affacciano sulla valle della Jogne.<\/p>\n              <span class=\"ck-more\">Scopri di pi\u00f9 <svg viewbox=\"0 0 24 24\" fill=\"none\" stroke=\"currentColor\" stroke-width=\"2\" stroke-linecap=\"round\" stroke-linejoin=\"round\" aria-hidden=\"true\"><path d=\"M5 12h13M13 6l6 6-6 6\"\/><\/svg><\/span>\n            <\/div>\n          <\/a>\n        <\/li>\n\n        <!-- ============ REGION MURTENSEE ============ -->\n        <li class=\"ck-item\" id=\"ziel-murten-und-seine-altstadt\" data-region=\"murten\">\n          <a class=\"ck-card\" href=\"https:\/\/fribourg.ch\/de\/regionmurtensee\/murten-und-seine-altstadt\/\" target=\"_blank\" rel=\"noopener\">\n            <figure><img src=\"https:\/\/conako27.successfactor.dev\/wp-content\/uploads\/murten.jpg\" alt=\"Murten e il suo centro storico\" loading=\"lazy\" decoding=\"async\"><\/figure>\n            <div class=\"ck-body\">\n              <span class=\"ck-region\">Regione del Lago di Murten<\/span>\n              <h3>Murten e il suo centro storico<\/h3>\n              <p>Portici, un muro di cinta percorribile e il lago a due passi. A mezz\u2019ora da Friburgo.<\/p>\n              <span class=\"ck-more\">Scopri di pi\u00f9 <svg viewbox=\"0 0 24 24\" fill=\"none\" stroke=\"currentColor\" stroke-width=\"2\" stroke-linecap=\"round\" stroke-linejoin=\"round\" aria-hidden=\"true\"><path d=\"M5 12h13M13 6l6 6-6 6\"\/><\/svg><\/span>\n            <\/div>\n          <\/a>\n        <\/li>\n\n        <li class=\"ck-item\" id=\"ziel-der-vully-und-seine-weinberge\" data-region=\"murten\">\n          <a class=\"ck-card\" href=\"https:\/\/fribourg.ch\/de\/regionmurtensee\/der-vully-und-seine-weinberge\/\" target=\"_blank\" rel=\"noopener\">\n            <figure><img src=\"https:\/\/conako27.successfactor.dev\/wp-content\/uploads\/vully.jpg\" alt=\"Il Vully e i suoi vigneti\" loading=\"lazy\" decoding=\"async\"><\/figure>\n            <div class=\"ck-body\">\n              <span class=\"ck-region\">Regione del Lago di Murten<\/span>\n              <h3>Il Vully e i suoi vigneti<\/h3>\n              <p>Vigneti con vista sul lago di Morat. Diverse cantine accolgono gli ospiti per delle degustazioni.<\/p>\n              <span class=\"ck-more\">Scopri di pi\u00f9 <svg viewbox=\"0 0 24 24\" fill=\"none\" stroke=\"currentColor\" stroke-width=\"2\" stroke-linecap=\"round\" stroke-linejoin=\"round\" aria-hidden=\"true\"><path d=\"M5 12h13M13 6l6 6-6 6\"\/><\/svg><\/span>\n            <\/div>\n          <\/a>\n        <\/li>\n\n                        <li class=\"ck-item\" id=\"ziel-papiliorama-kerzers\" data-region=\"murten\">\n          <a class=\"ck-card\" href=\"https:\/\/fribourg.ch\/de\/regionmurtensee\/besichtigungen-fuehrungen\/papiliorama\/\" target=\"_blank\" rel=\"noopener\">\n            <figure><img src=\"https:\/\/conako27.successfactor.dev\/wp-content\/uploads\/papillorama.jpg\" alt=\"Papiliorama\" loading=\"lazy\" decoding=\"async\"><\/figure>\n            <div class=\"ck-body\">\n              <span class=\"ck-region\">Regione del Lago di Murten<\/span>\n              <h3>Papiliorama, Kerzers<\/h3>\n              <p>Cupole tropicali con farfalle che volano libere. Una meta affidabile anche in caso di pioggia.<\/p>\n              <span class=\"ck-more\">Scopri di pi\u00f9 <svg viewbox=\"0 0 24 24\" fill=\"none\" stroke=\"currentColor\" stroke-width=\"2\" stroke-linecap=\"round\" stroke-linejoin=\"round\" aria-hidden=\"true\"><path d=\"M5 12h13M13 6l6 6-6 6\"\/><\/svg><\/span>\n            <\/div>\n          <\/a>\n        <\/li>\n\n        <!-- ============ WEITERE REGIONEN ============ -->\n                      <\/ul>\n\n      <p class=\"ck-note\"><strong>Buono a sapersi:<\/strong> Le mete nella citt\u00e0 di Friburgo sono raggiungibili dal Forum Fribourg in pochi minuti di autobus e si possono inserire tra un appuntamento e l\u2019altro del programma. Per le Prealpi, La Gruy\u00e8re e i laghi dovresti prevedere da mezza giornata a una giornata intera, preferibilmente prima o dopo il weekend del congresso. Tutte le informazioni su orari di apertura e prezzi sono disponibili sul sito di Fribourg Region.<\/p>\n\n    <\/div>\n  <\/section>\n<\/div>\n\n<script>\n\/* ---------- Volle Breite erzwingen ---------- *\/\n(function(){\n  var el = document.querySelector('.ck-disc');\n  if(!el || el.dataset.bleed === 'off') return;\n  function apply(){\n    var n = el.parentElement, guard = 0;\n    while(n && n !== document.body && guard++ < 8){\n      if(n.matches && n.matches('.elementor-widget-container,.elementor-widget-html,.e-con-inner,.e-con,.elementor-section,.elementor-container')){\n        n.style.maxWidth='none'; n.style.width='100%';\n        n.style.paddingLeft='0'; n.style.paddingRight='0';\n      }\n      n = n.parentElement;\n    }\n    el.style.marginLeft = el.style.marginRight = el.style.width = el.style.maxWidth = el.style.flex = '';\n    var docW = document.documentElement.clientWidth;\n    var r = el.getBoundingClientRect();\n    if (r.width >= docW - 2) return;\n    el.style.maxWidth='none'; el.style.width=docW+'px'; el.style.flex='none';\n    el.style.marginLeft=(-r.left)+'px'; el.style.marginRight=(-(docW-r.right))+'px';\n  }\n  apply(); setTimeout(apply,300); addEventListener('load',apply);\n  var t; addEventListener('resize',function(){clearTimeout(t);t=setTimeout(apply,120);});\n})();\n\n\/* ---------- Regionenfilter ---------- *\/\n(function(){\n  var btns  = document.querySelectorAll('.ck-disc .ck-filter button');\n  var items = document.querySelectorAll('.ck-disc .ck-item');\n  var count = document.getElementById('ck-count');\n\n  function render(f){\n    var n = 0;\n    items.forEach(function(li){\n      var show = (f === 'alle' || li.dataset.region === f);\n      li.classList.toggle('is-hidden', !show);\n      if(show) n++;\n    });\n    btns.forEach(function(b){ b.setAttribute('aria-pressed', String(b.dataset.f === f)); });\n    if(count) count.textContent = n + (n === 1 ? ' Ziel' : ' Ziele');\n  }\n\n  btns.forEach(function(b){\n    b.addEventListener('click', function(){ render(b.dataset.f); });\n  });\n  render('alle');\n})();\n<\/script>\n\t\t\t\t<\/div>\n\t\t\t\t\t<\/div>\n\t\t\t\t<\/div>\n\t\t\t\t<\/div>","protected":false},"excerpt":{"rendered":"<p>Startseite\/Ausflugsziele Ausflugsziele 24 Ideen f\u00fcr die Zeit vor, w\u00e4hrend oder nach dem Kongress, gefiltert nach Region. Gastgeberregion Bleib ein paar Tage l\u00e4nger Der Kanton Freiburg passt in kein Klischee. Mittelalterliche Altstadt und Schr\u00e4gseilbr\u00fccke, Voralpen und Seen, Deutsch und Franz\u00f6sisch. Diese Ziele lohnen sich vor, w\u00e4hrend oder nach dem CONAKO27. Alle Stadt Freiburg Sensebezirk La Gruy\u00e8re [&hellip;]<\/p>\n","protected":false},"author":1,"featured_media":365,"parent":0,"menu_order":0,"comment_status":"closed","ping_status":"closed","template":"","meta":{"footnotes":""},"class_list":["post-369","page","type-page","status-publish","has-post-thumbnail","hentry"],"_links":{"self":[{"href":"https:\/\/conako27.successfactor.dev\/it\/wp-json\/wp\/v2\/pages\/369","targetHints":{"allow":["GET"]}}],"collection":[{"href":"https:\/\/conako27.successfactor.dev\/it\/wp-json\/wp\/v2\/pages"}],"about":[{"href":"https:\/\/conako27.successfactor.dev\/it\/wp-json\/wp\/v2\/types\/page"}],"author":[{"embeddable":true,"href":"https:\/\/conako27.successfactor.dev\/it\/wp-json\/wp\/v2\/users\/1"}],"replies":[{"embeddable":true,"href":"https:\/\/conako27.successfactor.dev\/it\/wp-json\/wp\/v2\/comments?post=369"}],"version-history":[{"count":0,"href":"https:\/\/conako27.successfactor.dev\/it\/wp-json\/wp\/v2\/pages\/369\/revisions"}],"wp:featuredmedia":[{"embeddable":true,"href":"https:\/\/conako27.successfactor.dev\/it\/wp-json\/wp\/v2\/media\/365"}],"wp:attachment":[{"href":"https:\/\/conako27.successfactor.dev\/it\/wp-json\/wp\/v2\/media?parent=369"}],"curies":[{"name":"wp","href":"https:\/\/api.w.org\/{rel}","templated":true}]}}