{"id":487,"date":"2026-09-03T10:46:44","date_gmt":"2026-09-03T08:46:44","guid":{"rendered":"https:\/\/conako27.successfactor.dev\/?page_id=487"},"modified":"2026-09-03T14:36:03","modified_gmt":"2026-09-03T12:36:03","slug":"mentions-legales","status":"publish","type":"page","link":"https:\/\/conako27.successfactor.dev\/fr\/impressum\/","title":{"rendered":"Mentions l\u00e9gales"},"content":{"rendered":"<div data-elementor-type=\"wp-page\" data-elementor-id=\"487\" class=\"elementor elementor-487\" data-elementor-post-type=\"page\">\n\t\t\t\t<div class=\"elementor-element elementor-element-1c34445b e-flex e-con-boxed e-con e-parent\" data-id=\"1c34445b\" data-element_type=\"container\" data-e-type=\"container\">\n\t\t\t\t\t<div class=\"e-con-inner\">\n\t\t\t\t<div class=\"elementor-element elementor-element-e39babe elementor-widget elementor-widget-html\" data-id=\"e39babe\" data-element_type=\"widget\" data-e-type=\"widget\" data-widget_type=\"html.default\">\n\t\t\t\t\t\n<!-- Die Formatierung steht im zentralen Stylesheet conako27.css.\n     Einsetzen unter Design, Customizer, Zusaetzliches CSS. -->\n\n<!-- CONAKO27 Seite \"Impressum\"\n     Einsetzen als HTML-Widget, Container auf volle Breite, Padding 0.\n\n     Adressen recherchiert am 2. September 2026 auf jci-sense-see.ch und\n     jcifribourg.ch. Beide Lokalorganisationen treten gemeinsam als\n     Veranstalterinnen und Betreiberinnen der Webseite auf.\n\n     Der Wrapper .ck-leg gilt fuer alle drei Rechtstexte, also auch fuer\n     Datenschutzerklaerung und Teilnahmebedingungen.\n\n     Noch einzusetzen, in eckigen Klammern markiert:\n     - offizielle Kontaktadresse der Webseite bestaetigen\n     - Angabe zur Mehrwertsteuerpflicht pruefen. Falls einer der beiden Vereine\n       mehrwertsteuerpflichtig oder im Handelsregister eingetragen ist, gehoert\n       das unter \"Rechtsform\" ergaenzt, samt UID.\n\n     Das Datum unter \"Stand\" bei jeder inhaltlichen Aenderung nachfuehren. -->\n\n<section class=\"ck ck-ph\" style=\"--img:url('https:\/\/conako27.successfactor.dev\/wp-content\/uploads\/vully.jpg')\">\n  <div class=\"ck-ph__in\">\n    <p class=\"ck-ph__crumb\"><a href=\"\/fr\/\">Page d'accueil<\/a><span>\/<\/span>Mentions l\u00e9gales<\/p>\n    <h1 class=\"ck-ph__title\">Mentions l\u00e9gales<\/h1>\n  <\/div>\n<\/section>\n\n<div class=\"ck ck-leg\" data-bleed=\"on\">\n  <section class=\"ck-sec\">\n    <div class=\"ck-wrap\">\n      <div class=\"ck-legal\">\n\n        <h2>Responsable de ce site web<\/h2>\n        <p>Le CONAKO27 est organis\u00e9 conjointement par deux organisations locales de la Junior Chamber International Switzerland. Toutes deux sont des associations au sens des articles 60 et suivants du Code civil suisse (CC) et assument conjointement la responsabilit\u00e9 de ce site web.<\/p>\n\n        <div class=\"ck-two-cols\">\n          <div>\n            <h3>JCI Sense-See<\/h3>\n            <address>\n              1, rue de Morat<br>\n              3210 Kerzers<br>\n              Suisse<br>\n              <a href=\"mailto:info@jci-sense-see.ch\">info@jci-sense-see.ch<\/a><br>\n              <a href=\"https:\/\/www.jci-sense-see.ch\" target=\"_blank\" rel=\"noopener\">jci-sense-see.ch<\/a>\n            <\/address>\n          <\/div>\n          <div>\n            <h3>Jeune Chambre Internationale de Fribourg<\/h3>\n            <address>\n              Route du Covy 47<br>\n              1754 Avry-sur-Matran<br>\n              Suisse<br>\n              <a href=\"mailto:info@jcifribourg.ch\">info@jcifribourg.ch<\/a><br>\n              <a href=\"https:\/\/jcifribourg.ch\" target=\"_blank\" rel=\"noopener\">jcifribourg.ch<\/a>\n            <\/address>\n          <\/div>\n        <\/div>\n\n        <h2>Contacter CONAKO27<\/h2>\n        <p>Pour toute question concernant le congr\u00e8s, le moyen le plus rapide de nous contacter est le <a href=\"\/fr\/contact\/\">Formulaire de contact<\/a> ou par e-mail \u00e0 l'adresse <a href=\"mailto:info@conako2027.ch\">info@conako2027.ch<\/a>.<\/p>\n\n        <h2>Personnes habilit\u00e9es \u00e0 repr\u00e9senter la soci\u00e9t\u00e9<\/h2>\n        <p>Daniela Beutler, JCI Sense-See<br>\n        Oliver Price, Jeune Chambre Internationale de Fribourg<\/p>\n\n        <h2>Forme juridique<\/h2>\n        <p>Ces deux organisations sont des associations r\u00e9gies par le droit suisse, art. 60 et suivants du Code civil suisse.<\/p>\n\n        <h2>Clause de non-responsabilit\u00e9<\/h2>\n        <p>Nous r\u00e9digeons le contenu de ce site web avec le plus grand soin. Nous ne pouvons toutefois pas garantir leur exactitude, leur exhaustivit\u00e9 ni leur actualit\u00e9. Les informations relatives au programme, aux tarifs, aux horaires et aux heures d'ouverture, en particulier, sont susceptibles d'\u00eatre modifi\u00e9es. Toute responsabilit\u00e9 pour des dommages mat\u00e9riels ou immat\u00e9riels r\u00e9sultant de l'utilisation de ce site web est exclue, dans la mesure o\u00f9 la loi le permet.<\/p>\n        <p>Nous nous r\u00e9servons le droit de modifier, de compl\u00e9ter ou de supprimer \u00e0 tout moment tout ou partie du site web ou de l'offre.<\/p>\n\n        <h2>Liens vers d'autres sites web<\/h2>\n        <p>Ce site web contient des liens vers des offres de tiers, notamment vers \u00ab Fribourg Region \u00bb, des soci\u00e9t\u00e9s de transport ou des entreprises partenaires. Les exploitants respectifs sont seuls responsables de leurs contenus. Nous avons v\u00e9rifi\u00e9 ces pages au moment de la cr\u00e9ation des liens, mais nous ne les contr\u00f4lons pas r\u00e9guli\u00e8rement par la suite.<\/p>\n\n        <h2>Droit d'auteur<\/h2>\n        <p>L'ensemble du contenu de ce site web, notamment les textes, les images, les graphiques et le logo de CONAKO27, est prot\u00e9g\u00e9 par le droit d'auteur. Toute utilisation en dehors des cas autoris\u00e9s par la loi n\u00e9cessite notre accord \u00e9crit pr\u00e9alable. Les professionnels des m\u00e9dias peuvent obtenir des images et des textes sur demande via le <a href=\"\/fr\/contact\/\">Formulaire de contact<\/a>.<\/p>\n\n        <h2>Cr\u00e9dits photos<\/h2>\n        <p>Les photos des sites touristiques ainsi que de la ville et de la r\u00e9gion de Fribourg proviennent de Fribourg R\u00e9gion et ont \u00e9t\u00e9 mises \u00e0 disposition via <a href=\"https:\/\/fribourg.ch\" target=\"_blank\" rel=\"noopener\">fribourg.ch<\/a> . Nous remercions Fribourg R\u00e9gion de nous avoir fourni ces images.<\/p>\n        <ul>\n          <li>Id\u00e9es de sorties, ville et r\u00e9gion de Fribourg : R\u00e9gion de Fribourg, fribourg.ch<\/li>\n          <li>Forum Fribourg : Forum Fribourg, <a href=\"https:\/\/www.forum-fribourg.ch\" target=\"_blank\" rel=\"noopener\">forum-fribourg.ch<\/a><\/li>\n          <li>Photos des congr\u00e8s pr\u00e9c\u00e9dents : membres de la JCI Suisse<\/li>\n          <li>Logo, sigle et \u00e9l\u00e9ments graphiques : CONAKO27, JCI Fribourg et JCI Sense-See<\/li>\n        <\/ul>\n        <p>Toutes les images sont prot\u00e9g\u00e9es par le droit d'auteur et ne peuvent \u00eatre r\u00e9utilis\u00e9es sans l'accord des ayants droit respectifs.<\/p>\n\n        <h2>Conception et r\u00e9alisation<\/h2>\n        <p>Conception, r\u00e9alisation technique et gestion de ce site web :<br>\n        <a href=\"https:\/\/www.successfactor.ch\" target=\"_blank\" rel=\"noopener\">successfactor GmbH<\/a><\/p>\n\n        <h2>Protection des donn\u00e9es<\/h2>\n        <p>Notre politique de confidentialit\u00e9 explique comment nous traitons les donn\u00e9es \u00e0 caract\u00e8re personnel. <a href=\"\/fr\/datenschutz\/\">Politique de confidentialit\u00e9<\/a>.<\/p>\n\n        <p class=\"ck-stand\">Mise \u00e0 jour : 3 septembre 2026<\/p>\n\n      <\/div>\n    <\/div>\n  <\/section>\n<\/div>\n\n<script>\n(function(){\n  var el = document.querySelector('.ck-leg');\n  if(!el || el.dataset.bleed === 'off') return;\n  function apply(){\n    var n = el.parentElement, guard = 0;\n    while(n && n !== document.body && guard++ < 8){\n      if(n.matches && n.matches('.elementor-widget-container,.elementor-widget-html,.e-con-inner,.e-con,.elementor-section,.elementor-container')){\n        n.style.maxWidth='none'; n.style.width='100%';\n        n.style.paddingLeft='0'; n.style.paddingRight='0';\n      }\n      n = n.parentElement;\n    }\n    el.style.marginLeft = el.style.marginRight = el.style.width = el.style.maxWidth = el.style.flex = '';\n    var docW = document.documentElement.clientWidth;\n    var r = el.getBoundingClientRect();\n    if (r.width >= docW - 2) return;\n    el.style.maxWidth='none'; el.style.width=docW+'px'; el.style.flex='none';\n    el.style.marginLeft=(-r.left)+'px'; el.style.marginRight=(-(docW-r.right))+'px';\n  }\n  apply(); setTimeout(apply,300); addEventListener('load',apply);\n  var t; addEventListener('resize',function(){clearTimeout(t);t=setTimeout(apply,120);});\n})();\n<\/script>\n\t\t\t\t<\/div>\n\t\t\t\t\t<\/div>\n\t\t\t\t<\/div>\n\t\t\t\t<\/div>","protected":false},"excerpt":{"rendered":"<p>Startseite\/Impressum Impressum Verantwortlich f\u00fcr diese Webseite Der CONAKO27 wird gemeinsam von zwei Lokalorganisationen der Junior Chamber International Switzerland veranstaltet. Beide sind Vereine im Sinne von Art. 60 ff. ZGB und tragen die Verantwortung f\u00fcr diese Webseite gemeinsam. JCI Sense-See Murtenstrasse 1 3210 Kerzers Schweiz info@jci-sense-see.ch jci-sense-see.ch Jeune Chambre Internationale Fribourg Route du Covy 47 1754 [&hellip;]<\/p>\n","protected":false},"author":1,"featured_media":0,"parent":0,"menu_order":0,"comment_status":"closed","ping_status":"closed","template":"elementor_header_footer","meta":{"footnotes":""},"class_list":["post-487","page","type-page","status-publish","hentry"],"_links":{"self":[{"href":"https:\/\/conako27.successfactor.dev\/fr\/wp-json\/wp\/v2\/pages\/487","targetHints":{"allow":["GET"]}}],"collection":[{"href":"https:\/\/conako27.successfactor.dev\/fr\/wp-json\/wp\/v2\/pages"}],"about":[{"href":"https:\/\/conako27.successfactor.dev\/fr\/wp-json\/wp\/v2\/types\/page"}],"author":[{"embeddable":true,"href":"https:\/\/conako27.successfactor.dev\/fr\/wp-json\/wp\/v2\/users\/1"}],"replies":[{"embeddable":true,"href":"https:\/\/conako27.successfactor.dev\/fr\/wp-json\/wp\/v2\/comments?post=487"}],"version-history":[{"count":0,"href":"https:\/\/conako27.successfactor.dev\/fr\/wp-json\/wp\/v2\/pages\/487\/revisions"}],"wp:attachment":[{"href":"https:\/\/conako27.successfactor.dev\/fr\/wp-json\/wp\/v2\/media?parent=487"}],"curies":[{"name":"wp","href":"https:\/\/api.w.org\/{rel}","templated":true}]}}